{"id":380,"date":"2018-08-01T14:24:06","date_gmt":"2018-08-01T11:24:06","guid":{"rendered":"http:\/\/karder.org.tr\/?page_id=380"},"modified":"2018-08-01T14:24:06","modified_gmt":"2018-08-01T11:24:06","slug":"ataturke-gore-ataturk","status":"publish","type":"page","link":"https:\/\/karder.org.tr\/index.php\/ataturk-kosesi\/ataturke-gore-ataturk\/","title":{"rendered":"Atat\u00fcrk&#8217;e g\u00f6re Atat\u00fcrk"},"content":{"rendered":"<p class=\"meb1\">\u00a0\u00a0\u0130ki Mustafa Kemal vard\u0131r: Biri ben, et ve kemik, ge\u00e7ici Mustafa Kemal&#8230; \u0130kinci Mustafa Kemal, onu &#8220;ben&#8221; kelimesiyle ifade edemem; o, ben de\u011fil, bizdir! O, memleketin her k\u00f6\u015fesinde yeni fikir, yeni hayat ve b\u00fcy\u00fck \u00fclk\u00fc i\u00e7in u\u011fra\u015fan ayd\u0131n ve sava\u015f\u00e7\u0131 bir topluluktur. Ben, onlar\u0131n r\u00fcyas\u0131n\u0131 temsil ediyorum. Benim te\u015febb\u00fcslerim, onlar\u0131n \u00f6zlemini \u00e7ektikleri \u015feyleri tatmin i\u00e7indir. O Mustafa Kemal sizsiniz, hepinizsiniz. Ge\u00e7ici olmayan, ya\u015famas\u0131 ve ba\u015far\u0131l\u0131 olmas\u0131 gereken Mustafa Kemal odur!<\/p>\n<p class=\"meb1\" align=\"center\">***<\/p>\n<p class=\"meb1\">\u00a0\u00a0\u00a0Beni g\u00f6rmek demek, mutlaka y\u00fcz\u00fcm\u00fc g\u00f6rmek de\u011fildir. Benim fikirlerimi, benim duygular\u0131m\u0131 anl\u0131yorsan\u0131z ve hissediyorsan\u0131z bu k\u00e2fidir.<\/p>\n<p class=\"meb1\" align=\"center\">***<\/p>\n<p class=\"meb1\">\u00a0\u00a0\u00a0B\u00fcy\u00fck \u00f6l\u00fclere matem gerekmez, fikirlerine ba\u011fl\u0131l\u0131k gerekir.<\/p>\n<p class=\"meb1\" align=\"center\">***<\/p>\n<p class=\"meb1\">\u00a0\u00a0\u00a0Ben, manev\u00ee miras olarak hi\u00e7bir nass-\u0131 kat\u0131, hi\u00e7bir dogma, hi\u00e7bir donmu\u015f ve kal\u0131pla\u015fm\u0131\u015f kural b\u0131rakm\u0131yorum. Benim manev\u00ee miras\u0131m, ilim ve ak\u0131ld\u0131r. Benden sonrakiler, bizim a\u015fmak zorunda oldu\u011fumuz \u00e7etin ve k\u00f6kl\u00fc m\u00fc\u015fk\u00fcl\u00e2t \u00f6n\u00fcnde, belki g\u00e2yelere tamamen eremedi\u011fimizi, fakat asla taviz vermedi\u011fimizi, ak\u0131l ve ilmi rehber edindi\u011fimizi tasdik edeceklerdir. Zaman s\u00fcratle d\u00f6n\u00fcyor, milletlerin, cemiyetlerin, fertlerin saadet ve bedbahtl\u0131k tel\u00e2kkileri bile de\u011fi\u015fiyor. B\u00f6yle bir d\u00fcnyada, asla de\u011fi\u015fmeyecek h\u00fck\u00fcmler getirdi\u011fini iddia etmek, akl\u0131n ve ilmin geli\u015fimini ink\u00e2r etmek olur.<\/p>\n<p class=\"meb1\" align=\"center\">***<\/p>\n<p class=\"meb1\">\u00a0\u00a0\u00a0Benim, T\u00fcrk milleti i\u00e7in yapmak istediklerim ve ba\u015farmaya \u00e7al\u0131\u015ft\u0131klar\u0131m ortadad\u0131r. Benden sonra, beni benimsemek isteyenler, bu temel mihver \u00fczerinde ak\u0131l ve ilmin rehberli\u011fini kabul ederlerse, manev\u00ee miras\u00e7\u0131lar\u0131m olurlar.<\/p>\n<p class=\"meb1\" align=\"center\">***<\/p>\n<p class=\"meb1\">\u00a0\u00a0\u00a0Bir zamanlar gelir, beni unutmak veya unutturmak isteyen gayretler belirebilir. Fikirlerini ink\u00e2r edenler ve beni yerenler \u00e7\u0131kabilir. Hatta bunlar, benim yak\u0131n bildi\u011fim ve inand\u0131klar\u0131m aras\u0131ndan bile olabilir. Fakat, ekti\u011fimiz tohumlar o kadar \u00f6zl\u00fc ve kuvvetlidirler ki bu fikirler, Hint&#8217;ten, M\u0131s\u0131r&#8217;dan d\u00f6ner dola\u015f\u0131r gene gelir, verimli neticeleri kalpleri doldurur.<\/p>\n<p class=\"meb1\" align=\"center\">***<\/p>\n<p class=\"meb1\">\u00a0\u00a0\u00a0Hayat\u0131m\u0131n b\u00fct\u00fcn devrelerinde oldu\u011fu gibi, son zamanlar\u0131n buhranlar\u0131 ve fel\u00e2ketleri aras\u0131nda da bir dakika ge\u00e7memi\u015ftir ki, her t\u00fcrl\u00fc huzur ve istirahatimi, her nevi \u015fahs\u00ee duygular\u0131m\u0131 milletin kurtulu\u015fu ve mutlulu\u011fu ad\u0131na feda etmekten zevk duymayay\u0131m. Gerek asker\u00ee hayat\u0131m\u0131n ve gerek siyas\u00ee hayat\u0131m\u0131n b\u00fct\u00fcn devir ve b\u00f6l\u00fcmlerini i\u015fgal eden m\u00fccadelelerimde daima hareket kural\u0131m, mill\u00ee iradeye dayanarak milletin ve vatan\u0131n muhta\u00e7 oldu\u011fu gayelere y\u00fcr\u00fcmek olmu\u015ftur.<\/p>\n<p class=\"meb1\" align=\"center\">***<\/p>\n<p class=\"meb1\">\u00a0\u00a0\u00a0Pek\u00e2l\u00e2 bilirsiniz ki benim b\u00fct\u00fcn hayat\u0131mda bu ana kadar g\u00fctt\u00fc\u011f\u00fcm gaye, hi\u00e7bir vakit ki\u015fisel olmam\u0131\u015ft\u0131r. Her ne d\u00fc\u015f\u00fcnm\u00fc\u015f ve her neye giri\u015fmi\u015f isem, daima memleketin, milletin ve ordunun ad\u0131na ve menfaatine olmu\u015ftur. Hi\u00e7bir zaman \u015fahs\u0131m\u0131n \u00fcst\u00fcnl\u00fc\u011f\u00fcn\u00fc ve sivrilmemi g\u00f6z \u00f6n\u00fcne almam\u0131\u015f\u0131md\u0131r.<\/p>\n<p class=\"meb1\" align=\"center\">***<\/p>\n<p class=\"meb1\">\u00a0\u00a0\u00a0Memleket ve milletin kurtulu\u015fu ve mutlulu\u011fu i\u00e7in \u00e7al\u0131\u015fmaktan ba\u015fka bir maksad\u0131m yoktur. Bu, bir insan i\u00e7in k\u00e2fi bir sevin\u00e7 ve haz temin eder. Benimle beraber olan arkada\u015flar\u0131m, b\u00fct\u00fcn vatanda\u015flar\u0131m da ayn\u0131 maksad\u0131 takip etmektedirler. \u015eahs\u00ee ve ailev\u00ee huzur ve mutlulu\u011fun, milletin huzur ve mutlulu\u011fuyla ayakta durdu\u011funu, memleketin g\u00fcvenlik ve dokunulmazl\u0131\u011f\u0131yla m\u00fcmk\u00fcn oldu\u011funu ger\u00e7ek ve cidd\u00ee bir surette anlam\u0131\u015flard\u0131r. Ben ve benimle beraber olanlar, hedefimizin y\u00fcceli\u011fine, yolumuzun do\u011frulu\u011funa eminiz. Bunda asla \u015f\u00fcphe ve teredd\u00fcd\u00fcm\u00fcz yoktur. Milletimizin, T\u00fcrk milletinin yak\u0131n, uzak tarihine l\u00fczumu kadar bilgimiz vard\u0131r, Mazinin derslerini, bug\u00fcn\u00fcn ve gelece\u011fin hayat\u0131 i\u00e7in g\u00f6z \u00f6n\u00fcnde tutmak dikkatinden mahrum de\u011filiz. Yapt\u0131\u011f\u0131m\u0131z hizmetlerle \u00f6v\u00fcnm\u00fcyoruz. Yapaca\u011f\u0131m\u0131z hizmetlerin, iftihar sebebi olabilece\u011fi \u00fcmidiyle avunuyoruz.<\/p>\n<p class=\"meb1\" align=\"center\">***<\/p>\n<p class=\"meb1\">(\u00c7evresindekilere s\u00f6yledi\u011fi bir s\u00f6z) :<br \/>\nBeni \u00f6vme s\u00f6zlerini b\u0131rak\u0131n\u0131z; gelecek i\u00e7in neler yapaca\u011f\u0131z, onlar\u0131 s\u00f6yleyin!<\/p>\n<p class=\"meb1\" align=\"center\">***<\/p>\n<p class=\"meb1\">\u00a0\u00a0\u00a0Benim ihtiraslar\u0131m var, hem de pek b\u00fcy\u00fckleri; fakat bu ihtiraslar, y\u00fcksek mevkiler i\u015fgal etmek veya b\u00fcy\u00fck paralar elde etmek gibi madd\u00ee emellerin tatminiyle ilgili bulunmuyor. Ben bu ihtiraslar\u0131m\u0131n ger\u00e7ekle\u015fmesini, vatan\u0131ma b\u00fcy\u00fck faydalar\u0131 dokunacak, bana da gerekti\u011fi gibi yap\u0131lm\u0131\u015f bir vazifenin canl\u0131 i\u00e7 rahatl\u0131\u011f\u0131n\u0131 verecek b\u00fcy\u00fck bir fikrin ba\u015far\u0131s\u0131nda ar\u0131yorum. B\u00fct\u00fcn hayat\u0131m\u0131n ilkesi, bu olmu\u015ftur. Ona \u00e7ok gen\u00e7 ya\u015f\u0131mda sahip oldum ve son nefesime kadar da onu koruyaca\u011f\u0131m.<\/p>\n<p class=\"meb1\" align=\"center\">***<\/p>\n<p class=\"meb1\">\u00a0\u00a0\u00a0Allah bilir, hayat\u0131mda bug\u00fcne kadar orduya faydal\u0131 bir \u00fcye olabilmekten ba\u015fka vicdan\u00ee bir emel edinmedim. \u00c7\u00fcnk\u00fc vatan\u0131n korunmas\u0131, milletin mutlulu\u011fu i\u00e7in her \u015feyden evvel ordumuzun, eski T\u00fcrk ordusu oldu\u011funu d\u00fcnyaya bir daha ispat l\u00fczumuna \u00e7oktan inanm\u0131\u015f idim. Bu inanca ait emellerimin \u015fiddeti, ihtimal beni pek ziyade a\u015f\u0131r\u0131 davran\u0131\u015fl\u0131 g\u00f6stermi\u015fti. Fakat zaman, saf ve temiz dima\u011flardan do\u011fan fikr\u00ee ger\u00e7ekleri -kabul\u00fcnden \u00e7ekinilse dahi- uygulatt\u0131r\u0131r.<\/p>\n<p class=\"meb1\" align=\"center\">***<\/p>\n<p class=\"meb1\">\u00a0\u00a0\u00a0B\u00fct\u00fcn vazifelerin \u00fcst\u00fcnde bizim de bir vicdan\u00ee vazifemiz vard\u0131; o da, herkesin sudan bir tak\u0131m vazifeler yapt\u0131\u011f\u0131 s\u0131rada hayat\u0131m\u0131z\u0131, varl\u0131\u011f\u0131m\u0131z\u0131 bu milletin ba\u011fr\u0131na sokarak, onlarla beraber d\u00fc\u015fman kar\u015f\u0131s\u0131nda u\u011fra\u015fmak olmu\u015ftur!<\/p>\n<p class=\"meb1\" align=\"center\">***<\/p>\n<p class=\"meb1\">\u00a0\u00a0\u00a0Ben vazifemin bitmedi\u011fini, y\u00fcklendi\u011fim sorumlulu\u011fun da y\u00fcksek ve \u00e7etin oldu\u011funu anl\u0131yorum. Arkada\u015flar, bu vazife bitmeyecektir; ben toprak olduktan sonra da devam edecektir! Ben seve seve, sevine sevine b\u00fct\u00fcn varl\u0131\u011f\u0131m\u0131 bu kutsal vazifeye verece\u011fim ve onun y\u00fcksek sorumlulu\u011funu y\u00fcklenmekle mesut olaca\u011f\u0131m. Vazifeme ba\u015far\u0131 ile devam edebilece\u011fim. \u00c7\u00fcnk\u00fc b\u00fcy\u00fck milletimizin kalp ve vicdan\u0131nda bana kar\u015f\u0131 sars\u0131lmaz bir g\u00fcven ve itimat ta\u015f\u0131makta oldu\u011funu g\u00f6r\u00fcyorum. Bu benim i\u00e7in b\u00fcy\u00fck kuvvettir, b\u00fcy\u00fck yetkidir.<\/p>\n<p class=\"meb1\" align=\"center\">***<\/p>\n<p class=\"meb1\">\u00a0\u00a0\u00a0Biz, e\u011fer millet ve tarih \u00f6n\u00fcnde herhangi bir hata i\u015fliyorsak, bunun sorumlulu\u011funu vicdan ve sa\u011fduyumuzda hissetmekten ve \u00f6demekten, hi\u00e7bir zaman \u00e7ekinecek insanlar de\u011filiz.<\/p>\n<p class=\"meb1\" align=\"center\">***<\/p>\n<p class=\"meb1\">\u00a0\u00a0\u00a0Millet ve memleketin sayesinde kazan\u0131lan r\u00fctbe ve refah\u0131n bir ehemmiyeti, bir kutsall\u0131\u011f\u0131 vard\u0131r. Biz bunlardan, ancak yine bu aziz millet ve memlekete bor\u00e7lu oldu\u011fumuz son bir namus vazifesini yapmak i\u00e7\u00een ayr\u0131ld\u0131k. Milletin kendi hayat\u0131n\u0131 kurtarmak, kendi me\u015fru hakk\u0131n\u0131 m\u00fcdafaa etmek i\u00e7in \u00e7\u0131kard\u0131\u011f\u0131 sese i\u015ftirak etmek, her kendini bilen vatanda\u015f\u0131n vazifesidir. E\u011fer bu millet, bu memleket par\u00e7alanacak olursa umum\u00ee \u015ferefsizli\u011fin y\u0131k\u0131nt\u0131s\u0131 alt\u0131nda, \u015funun bunun ki\u015fisel \u015ferefi de par\u00e7a par\u00e7a olur. Biz, o umum\u00ee \u015ferefi kurtarabilmek i\u00e7in harekete gelen millete ruhumuzla i\u015ftirak ettik, i\u015ftirakimize m\u00e2ni olabilecek \u015fahs\u00ee r\u00fctbeleri, mevkileri de umum\u00ee \u015ferefi kurtarmaya y\u00f6nelik bir gaye u\u011fruna feda ettik.<\/p>\n<p class=\"meb1\" align=\"center\">***<\/p>\n<p class=\"meb1\">\u00a0\u00a0\u00a0Ben, gerekti\u011fi zaman, en b\u00fcy\u00fck hediyem olmak \u00fczere T\u00fcrk milletine can\u0131m\u0131 verece\u011fim.<\/p>\n<p class=\"meb1\" align=\"center\">***<\/p>\n<p class=\"meb1\">(Mallar\u0131n\u0131 millete ba\u011f\u0131\u015flamas\u0131 nedeniyle s\u00f6ylemi\u015ftir) :<br \/>\nMal ve m\u00fclk, bana a\u011f\u0131rl\u0131k veriyor. Bunlar\u0131, soylu milletime geri vermekle b\u00fcy\u00fck ferahl\u0131k duyuyorum. Zenginlikten ne \u00e7\u0131kar; insan\u0131n serveti, kendi manev\u00ee \u015fahsiyetinde olmal\u0131d\u0131r!<\/p>\n<p class=\"meb1\" align=\"center\">***<\/p>\n<p class=\"meb1\">\u00a0\u00a0\u00a0H\u00fcrriyet ve ba\u011f\u0131ms\u0131zl\u0131k benim karakterimdir. Ben, milletimin ve b\u00fcy\u00fck ecdad\u0131m\u0131n en k\u0131ymetli miras\u0131ndan olan ba\u011f\u0131ms\u0131zl\u0131k a\u015fk\u0131 ile yarat\u0131lm\u0131\u015f bir adam\u0131m! \u00c7ocuklu\u011fumdan bug\u00fcne kadar ailev\u00ee, husus\u00ee ve resm\u00ee hayat\u0131m\u0131n her safhas\u0131n\u0131 yak\u0131ndan tan\u0131yanlarca bu a\u015fk\u0131m bilinir. Bence bir millette \u015ferefin, haysiyetin, namusun ve insanl\u0131\u011f\u0131n yerle\u015fmesi ve ya\u015famas\u0131, mutlaka o milletin h\u00fcrriyet ve ba\u011f\u0131ms\u0131zl\u0131\u011f\u0131na sahip olmas\u0131na ba\u011fl\u0131d\u0131r. Ben \u015fahsen, bu<br \/>\nsayd\u0131\u011f\u0131m \u00f6zelliklere \u00e7ok ehemmiyet veririm ve bu \u00f6zelliklerin kendimde varl\u0131\u011f\u0131n\u0131 iddia edebilmek i\u00e7in milletimin de ayn\u0131 \u00f6zellikleri ta\u015f\u0131mas\u0131n\u0131 \u015fart ve esas bilirim. Ben ya\u015fayabilmek i\u00e7in mutlaka ba\u011f\u0131ms\u0131z bir milletin evl\u00e2d\u0131<br \/>\nkalmal\u0131y\u0131m! Bu sebeple mill\u00ee ba\u011f\u0131ms\u0131zl\u0131k, bence bir hayat meselesidir. Millet ve memleketin menfaatleri gerektirdi\u011fi takdirde insanl\u0131\u011f\u0131 te\u015fkil eden milletlerden her biriyle medeniyet gere\u011finden olan dostluk ve siyaset m\u00fcnasebetlerini, b\u00fcy\u00fck bir hassasiyetle takdir ederim. Ancak, benim milletimi esir etmek isteyen herhangi bir milletin de bu arzusundan vazge\u00e7inceye kadar amans\u0131z d\u00fc\u015fman\u0131y\u0131m!<\/p>\n<p class=\"meb1\" align=\"center\">***<\/p>\n<p class=\"meb1\">(Savarona yat\u0131nda kabul etti\u011fi Romanya Kral\u0131 Karol &#8216;un, g\u00f6r\u00fc\u015fme s\u0131ras\u0131nda Almanya ile \u00c7ekoslovakya aras\u0131ndaki S\u00fcdet meselesine temas etmesi ve Atat\u00fcrk&#8217;ten \u00c7ekoslovakya Cumhurba\u015fkan\u0131 Bene\u015f &#8216;e baz\u0131 telkinlerde bulunmas\u0131n\u0131 rica etmesi \u00fczerine, g\u00f6r\u00fc\u015fmeyi dinlemekte olan zaman\u0131n D\u0131\u015fi\u015fleri Bakam Tevf\u0131k R\u00fc\u015ft\u00fc Aras &#8216;a s\u00f6yledikleri):<br \/>\nMajeste Kral&#8217;m s\u00f6ylediklerini dikkatle dinledim. Benden, bir devlet reisine kendi \u00fclkesinden bir par\u00e7ay\u0131 Almanlar&#8217;a terk etmesini tavsiye etmekli\u011fimi mi istiyorlar? Benim gibi, b\u00fct\u00fcn \u00f6mr\u00fc boyunca yurdunun ba\u011f\u0131ms\u0131zl\u0131\u011f\u0131 ve b\u00eer kar\u0131\u015f topra\u011f\u0131m ba\u015fkas\u0131na vermemek i\u00e7in sava\u015fan bir adam, inan\u00e7lar\u0131na ayk\u0131r\u0131 bir \u015feye nas\u0131l arac\u0131 olur? G\u00f6r\u00fcyorum ki Majeste Kral, beni ve karakterimi iyi tan\u0131m\u0131yorlar.<\/p>\n<p class=\"meb1\" align=\"center\">***<\/p>\n<p class=\"meb1\">\u00a0\u00a0\u00a0\u00d6l\u00fcme do\u011fru en \u00e7ok at\u0131lanlardan biriyim. Kur\u015fun ve g\u00fclle ya\u011fmuru alt\u0131nda bir\u00e7ok muharebelere i\u015ftirak ettim. Hatt\u00e2 \u00f6l\u00fcm bir defa, kalbimin yan\u0131ndan s\u0131y\u0131rarak ge\u00e7ti. Kalbimin \u00fczerinde bir saat vard\u0131 ve bu saat, mermi par\u00e7as\u0131n\u0131n \u015fiddetini k\u0131rd\u0131.<\/p>\n<p class=\"meb1\" align=\"center\">***<\/p>\n<p class=\"meb1\">\u00a0\u00a0\u00a0Her zaman tekrar mecburiyetinde kal\u0131yor ve tekrar\u0131 da faydal\u0131 g\u00f6r\u00fcyorum ki, e\u011fer ben milletime herhangi bir hizmette bulunmu\u015fsam, e\u011fer ben herhangi bir te\u015febb\u00fcste \u00f6n ayak olmu\u015fsam, bu hizmet ve te\u015febb\u00fcs\u00fcn temel kayna\u011f\u0131, sayg\u0131lar ve sevgilerle ba\u011fl\u0131 oldu\u011fum, bundan sonra da sayg\u0131 ve sevgiyle mutluluk ve refah\u0131na varl\u0131\u011f\u0131m\u0131, hayat\u0131m\u0131 verece\u011fim aziz milletime, sizlere dayanmaktad\u0131r. Bir millette g\u00fczel \u015feyler d\u00fc\u015f\u00fcnen insanlar, fevkal\u00e2de i\u015fler yapmaya kabiliyetli kahramanlar bulunabilir. Ama \u00f6yle kimseler yaln\u0131z ba\u015f\u0131na hi\u00e7bir \u015fey olamazlar; me\u011fer ki bir umum\u00ee hissin ifadesi, temsilcisi olsunlar! Ben milletimin d\u00fc\u015f\u00fcnce ve duygular\u0131n\u0131 yak\u0131ndan tan\u0131maktan, aziz milletimde g\u00f6rd\u00fc\u011f\u00fcm kabiliyet ve ihtiyac\u0131 belirtmekten ba\u015fka bir \u015fey yapmad\u0131m. Onun bu kabiliyet ve duygular\u0131n\u0131 sezip tan\u0131makla \u00f6v\u00fcn\u00fcyorum. Milletimdeki, bug\u00fcnk\u00fc zaferleri do\u011furabilecek \u00f6zelli\u011fi g\u00f6rm\u00fc\u015f olmak&#8230; B\u00fct\u00fcn bahtiyarl\u0131\u011f\u0131m i\u015fte bundan ibarettir.<\/p>\n<p class=\"meb1\" align=\"center\">***<\/p>\n<p class=\"meb1\">\u00a0\u00a0\u00a0Arkada\u015flar\u0131m\u0131z ve milletin b\u00fct\u00fcn fertleri gibi, mill\u00ee davam\u0131zda benim de eme\u011fim ge\u00e7mi\u015f ise, bu \u00e7al\u0131\u015fmada i\u015f yapma kuvveti ve ba\u015far\u0131 varsa, bunu \u015fahs\u0131ma atfetmeyiniz. Ancak ve ancak b\u00fct\u00fcn milletin manev\u00ee \u015fahsiyetine atfediniz. Ben, milletin bu y\u00fcksek, manev\u00ee \u015fahsiyeti i\u00e7inde bir na\u00e7iz fert olmakla bahtiyar\u0131m. Efendiler, millet b\u00fct\u00fcn\u00fcyle manev\u00ee bir \u015fah\u0131s halinde ve bir birle\u015fmi\u015f kitle \u015feklinde belirdi ve bu y\u00fcce birli\u011fi koruyarak ona d\u00fc\u015fman olanlar\u0131 ortadan kald\u0131rd\u0131.<\/p>\n<p class=\"meb1\" align=\"center\">***<\/p>\n<p class=\"meb1\">\u00a0\u00a0\u00a0Milletimle yak\u0131ndan ve g\u00f6steri\u015ften uzak kar\u015f\u0131l\u0131kl\u0131 g\u00f6r\u00fc\u015fmenin zevkini, bahtiyarl\u0131\u011f\u0131n\u0131 anlatamam. Her ne vakit milletimin kar\u015f\u0131s\u0131nda kendimi g\u00f6rsem, her ne vakit milletimin fertlerinden birka\u00e7\u0131n\u0131n y\u00fcz\u00fcne baksam, oradan ruh<br \/>\nve vicdan\u0131ma gelen \u0131\u015f\u0131k, benim i\u00e7in en k\u0131ymetli bir ilham ve verim alevi oluyor!<\/p>\n<p class=\"meb1\" align=\"center\">***<\/p>\n<p class=\"meb1\">\u00a0\u00a0\u00a030 A\u011fustos&#8217;ta sevk ve idare etti\u011fim muharebe, T\u00fcrk Milleti&#8217;nin yan\u0131mda bulundu\u011fu halde, idare etti\u011fim ilk ve son muharebedir. Bir insan kendini, milletle beraber hissetti\u011fi zaman, ne kadar kuvvetli buluyor bilir misiniz? Bunu tarif m\u00fc\u015fk\u00fcld\u00fcr.<\/p>\n<p class=\"meb1\" align=\"center\">***<\/p>\n<p class=\"meb1\">\u00a0\u00a0\u00a0Hayat\u0131mda en b\u00fcy\u00fck dayanak ve kuvvetim, vatanda\u015flar\u0131mdan g\u00f6rd\u00fc\u011f\u00fcm itimat ve destekdir. B\u00fct\u00fcn vazifelerimde manev\u00ee, vicdan\u00ee olan en b\u00fcy\u00fck endi\u015fem, emanetinizin h\u00fcrmet ve kutsall\u0131\u011f\u0131na devaml\u0131 olarak dikkat etmektir.<\/p>\n<p class=\"meb1\" align=\"center\">***<\/p>\n<p class=\"meb1\">\u00a0\u00a0\u00a0Samim\u00ee olarak bu memleketin, bu milletin menfaatine yap\u0131lacak bir i\u015f olsun, ben onu g\u00f6z \u00f6n\u00fcne almayay\u0131m; bu, m\u00fcmk\u00fcn de\u011fildir. Yaln\u0131z, i\u015fin ger\u00e7ekten millete menfaati olmal\u0131 ve teklifin samim\u00ee olarak yap\u0131ld\u0131\u011f\u0131na ben inanmal\u0131y\u0131m.<\/p>\n<p class=\"meb1\" align=\"center\">***<\/p>\n<p class=\"meb1\">\u00a0\u00a0\u00a0Benim i\u00e7in d\u00fcnyada en b\u00fcy\u00fck mevki ve m\u00fck\u00e2fat, milletin bir ferdi olarak ya\u015famakt\u0131r. E\u011fer Cenab-\u0131 Hak beni bunda muvaffak etmi\u015f ise, \u015f\u00fckrederim. Bug\u00fcn oldu\u011fu gibi \u00f6mr\u00fcm\u00fcn nihayetine kadar milletin hizmetinde olmakla iftihar edece\u011fim.<\/p>\n<p class=\"meb1\" align=\"center\">***<\/p>\n<p class=\"meb1\">\u00a0\u00a0\u00a0\u015eimdiye kadar millete yapamayaca\u011f\u0131m bir \u015feyi vaat etmedim. Ben yapaca\u011f\u0131m dedi\u011fim zaman, buna inanmayanlar vard\u0131. Buna ra\u011fmen hareket ettim. G\u00f6r\u00fcyorsunuz ki ba\u015fard\u0131k. Benim ve benimle \u00e7al\u0131\u015fanlar\u0131n g\u00fcveni vard\u0131r ki, yeni hedeflerimize de ba\u015far\u0131yla varaca\u011f\u0131z. \u015eimdiye kadar s\u00f6ylediklerimin ger\u00e7ekle\u015fmi\u015f olmas\u0131, b\u00fct\u00fcn tasavvurlar\u0131m\u0131n beni yalanlamamas\u0131, milletin cidd\u00ee ve samim\u00ee olarak bana yard\u0131mc\u0131 ve destek olmas\u0131yla m\u00fcmk\u00fcn olmu\u015ftur. Onun i\u00e7in yeni gayelere eri\u015fmek i\u00e7in de bu yard\u0131m ve deste\u011fe ihtiyac\u0131m vard\u0131r; onu benden esirgemeyiniz!<\/p>\n<p class=\"meb1\" align=\"center\">***<\/p>\n<p class=\"meb1\">\u00a0\u00a0\u00a0Benim \u015fan ve \u015ferefimden bahsetmek de hatad\u0131r. \u0130yi dinleyiniz \u00f6\u011f\u00fcd\u00fcm budur ki, i\u00e7inizden herhangi bir adam \u00e7\u0131kar, \u015fan, \u015feref davas\u0131 g\u00fcder ve benzersiz olmak isterse, ba\u015f\u0131n\u0131z\u0131n belas\u0131d\u0131r; ilk \u00f6nce kafas\u0131 k\u0131r\u0131lacak adam budur! Mensup oldu\u011fum T\u00fcrk milletinin \u015fan ve \u015ferefi varsa, benim de bir ferdi olmak s\u0131fat\u0131yla \u015fan\u0131m \u015ferefim vard\u0131r, asla ba\u015fka de\u011filim.<\/p>\n<p class=\"meb1\" align=\"center\">***<\/p>\n<p class=\"meb1\">\u00a0\u00a0\u00a0Ben zannediyorum ki, millet fertlerinin hi\u00e7 birinden fazla y\u00fcksekli\u011fe sahip de\u011filim. Bende fazla giri\u015fim g\u00f6r\u00fcld\u00fcyse bu benden de\u011fil, milletin bile\u015fkesinden \u00e7\u0131kan bir giri\u015fimdir. Sizler olmasayd\u0131n\u0131z, sizlerin vicdan\u00ee e\u011filimleriniz bana dayanak noktas\u0131 te\u015fkil etmemi\u015f olsayd\u0131; bendeki giri\u015fimlerin hi\u00e7biri olmazd\u0131. Millete ait meziyetleri yaln\u0131z \u015fah\u0131slara b\u0131rakan anlay\u0131\u015f, eski idarelerin sistem ve usul meselesinden do\u011fuyordu. Vaktiyle mevcut devlet ve devletlerin kurulu\u015f \u015fekli, sadece bir \u015fahs\u0131n menfaatlerini ve arzular\u0131n\u0131 tatmine y\u00f6nelmi\u015f idi. \u015eah\u0131slar\u0131n bu arzu ve emellerine hizmet eden millet, g\u00f6sterilen b\u00fcy\u00fckl\u00fcklerin \u015ferefinden asla pay\u0131n\u0131 alamaz, ancak hata ve beceriksizlik olursa onlar millete y\u00fcklenirdi. Bug\u00fcn bu h\u00e2l mevcut de\u011filse, millet kendi b\u00fcy\u00fckl\u00fc\u011f\u00fcn\u00fc oldu\u011fu gibi d\u00fcnyaya g\u00f6stermi\u015fse, fazlal\u0131k bende de\u011fil, bug\u00fcnk\u00fc idarenin niteli\u011findedir. Bu \u015fekil mevcut olduk\u00e7a, bu mevkie \u00e7\u0131kacak herkesin yapaca\u011f\u0131 \u015fey bundan ba\u015fka t\u00fcrl\u00fc olamaz.<\/p>\n<p class=\"meb1\" align=\"center\">***<\/p>\n<p class=\"meb1\">\u00a0\u00a0\u00a0Sizden olan bir \u015fahsa, sizden fazla ehemmiyet vermek, her \u015feyi milletin bir ferdinin \u015fahsiyetinde odakla\u015ft\u0131rmak, ge\u00e7mi\u015fe, bug\u00fcne, gelece\u011fe, b\u00fct\u00fcn bu zamanlara ait bir toplumun meselelerinin ayd\u0131nlat\u0131lmas\u0131 ve belirtilmesini y\u00fcksek bir toplulu\u011fun tek bir \u015fahsiyetinden beklemek elbette ki l\u00e2y\u0131k de\u011fildir, elbette ki l\u00e2z\u0131m de\u011fildir.<\/p>\n<p class=\"meb1\" align=\"center\">***<\/p>\n<p class=\"meb1\">\u00a0\u00a0\u00a0Ben d\u00fc\u015f\u00fcnd\u00fcklerimi, sevdiklerime oldu\u011fu gibi s\u00f6ylerim. Ayn\u0131 zamanda gerekli olmayan bir s\u0131rr\u0131 kalbimde ta\u015f\u0131mak kudretinde olmayan bir adam\u0131m. \u00c7\u00fcnk\u00fc ben, bir halk adam\u0131y\u0131m. Ben d\u00fc\u015f\u00fcnd\u00fcklerimi daima halk\u0131n \u00f6n\u00fcnde s\u00f6ylemeliyim. Yanl\u0131\u015f\u0131m varsa halk beni yalanlar. Fakat \u015fimdiye kadar bu a\u00e7\u0131k konu\u015fmada halk\u0131n beni yalanlad\u0131\u011f\u0131n\u0131 g\u00f6rmedim.<\/p>\n<p class=\"meb1\" align=\"center\">***<\/p>\n<p class=\"meb1\">\u00a0\u00a0 Ben, ancak daha iyisini yapabildi\u011fim \u015feyi tahrip edebilirim; yapamayaca\u011f\u0131m \u015feyi de tahrip edemem.<\/p>\n<p class=\"meb1\" align=\"center\">***<\/p>\n<p class=\"meb1\">\u00a0\u00a0\u00a0Ben o adam\u0131m ki ordunun memleketi, milleti muhakkak bir neticeye g\u00f6t\u00fcrebilece\u011fi noktalarda emir veririm. Fakat ilim ve bilhassa sosyal ilim sahas\u0131na dahil i\u015flerde ben emir vermem. Bu alanda, isterim ki bana bilginler do\u011fru yolu g\u00f6stersinler. Onun i\u00e7in, siz kendi ilminize, k\u00fclt\u00fcr\u00fcn\u00fcze g\u00fcveniyorsan\u0131z, bana s\u00f6yleyiniz. Sosyal ilmin g\u00fczel y\u00f6nlerini g\u00f6steriniz, ben takip edeyim.<\/p>\n<p class=\"meb1\" align=\"center\">***<\/p>\n<p class=\"meb1\">\u00a0\u00a0\u00a0Ben, sadece evlenmek i\u00e7in evlenmek istemiyorum. Vatan\u0131m\u0131zda yeni bir aile hayat\u0131 yaratmak i\u00e7in \u00f6nce kendim \u00f6rnek olmal\u0131y\u0131m. Kad\u0131n b\u00f6yle umac\u0131 gibi kal\u0131r m\u0131?<\/p>\n<p class=\"meb1\" align=\"center\">***<\/p>\n<p class=\"meb1\">\u00a0\u00a0\u00a0Hayat k\u0131sad\u0131r. Bunu kutlama ve ta\u00e7land\u0131rma i\u00e7in, insanlar\u0131n genellikle makul g\u00f6rd\u00fckleri vas\u0131ta evliliktir. Bu umum\u00ee kurala uymayanlar, pek s\u0131n\u0131rl\u0131 ve m\u00fcstesnad\u0131rlar. Bu istisnalar\u0131 olu\u015fturanlar da, esas kural\u0131n fenal\u0131\u011f\u0131ndan de\u011fil ve fakat tersine bu g\u00fczel kurala inanmadan kendilerini meneden sebeplerin mahk\u00fbmu olduklar\u0131ndan, belki evlenmi\u015f olmaktan korktuklar\u0131ndan fazla bedbaht olanlard\u0131r, ink\u00e2r edilmez bir ger\u00e7ektir ki insanlar, hayat, kad\u0131ns\u0131z olamaz. Evli olanlar, hayat\u0131n vazge\u00e7ilmezini temin etmi\u015f ve b\u00fct\u00fcn d\u00fc\u015f\u00fcnce ve isteklerini bir maksat, bir meslek, bir amaca y\u00f6neltmi\u015f olur. Ancak talih, e\u015flerin ruh ve kalplerini iyi ge\u00e7indirsin!<\/p>\n<p class=\"meb1\" align=\"center\">***<\/p>\n<p class=\"meb1\">\u00a0\u00a0\u00a0E\u015fini mesut edebilecek herkes evlenmelidir, \u00e7oluk-\u00e7ocuk sahibi olmal\u0131d\u0131r. Bana bakmay\u0131n\u0131z; bu meselede \u00f6rnek \u0130smet Pa\u015fa&#8217;d\u0131r. Benim hayat\u0131m ba\u015fka t\u00fcrl\u00fc d\u00fczenlenmi\u015ftir. Buna ra\u011fmen tecr\u00fcbesini yapt\u0131m. Sonradan anlad\u0131m ki bu i\u015f benim ba\u015farabilece\u011fim i\u015f de\u011filmi\u015f&#8230;<\/p>\n<p class=\"meb1\" align=\"center\">***<\/p>\n<p class=\"meb1\">(Bursa&#8217;da kendisini kar\u015f\u0131layan \u00e7ocuklara s\u00f6ylemi\u015ftir):<br \/>\nK\u00fc\u00e7\u00fck han\u0131mlar, k\u00fc\u00e7\u00fck beyler! Sizler hepiniz gelece\u011fin bir g\u00fcl\u00fc, y\u0131ld\u0131z\u0131, bir mutluluk par\u0131lt\u0131s\u0131s\u0131n\u0131z! Memleketi as\u0131l ayd\u0131nl\u0131\u011fa bo\u011facak sizsiniz. Kendinizin ne kadar m\u00fchim, k\u0131ymetli oldu\u011funuzu d\u00fc\u015f\u00fcnerek ona g\u00f6re \u00e7al\u0131\u015f\u0131n\u0131z. Sizlerden \u00e7ok \u015feyler bekliyoruz; k\u0131zlar, \u00e7ocuklar!<\/p>\n<p class=\"meb1\" align=\"center\">***<\/p>\n<p class=\"meb1\">(Bir alay kararg\u00e2h\u0131n\u0131n temel atma t\u00f6reni esnas\u0131nda bir koyunun temel i\u00e7in a\u00e7\u0131lan \u00e7ukura do\u011fru, yere yat\u0131r\u0131l\u0131p bo\u011faz\u0131ndan kesilmek \u00fczere oldu\u011funu g\u00f6rd\u00fc\u011f\u00fc zaman, \u0130ran \u015eah\u0131 R\u0131za Pehlevi ile aralar\u0131nda ge\u00e7en konu\u015fma):<br \/>\nAtat\u00fcrk -Ben kana bakamam! Bir tavu\u011fun dahi bo\u011fazland\u0131\u011f\u0131n\u0131 g\u00f6rmeye tahamm\u00fcl\u00fcm yoktur.<br \/>\n\u015eahin\u015fah -Ya bu kadar \u00e7ok bulundu\u011funuz b\u00fcy\u00fck ve kanl\u0131 muharebe meydanlar\u0131?&#8230;<br \/>\nAtat\u00fcrk -Ha, o ba\u015fka meseledir; \u00f6yle yerlerde cesetlerin \u00fczerinden atlayarak y\u00fcr\u00fcr\u00fcm. O bamba\u015fka bir i\u015ftir.<\/p>\n<p class=\"meb1\" align=\"center\">***<\/p>\n<p class=\"meb1\">\u00a0\u00a0\u00a0Bir\u00e7ok zaferler kazand\u0131m. Fakat, bunlar\u0131n en b\u00fcy\u00fc\u011f\u00fcnden sonra bile her ak\u015fam, sava\u015f alanlar\u0131nda \u00f6len b\u00fct\u00fcn askerleri d\u00fc\u015f\u00fcnerek i\u00e7imde derin bir keder duyuyorum.<\/p>\n<p class=\"meb1\" align=\"center\">***<\/p>\n<p class=\"meb1\">\u00a0\u00a0\u00a0Ben, muharebelerde dahi d\u00fc\u015fman\u0131n \u00fczerinde bir kin duymam; yaln\u0131z askerlik kurallar\u0131n\u0131n tatbikini d\u00fc\u015f\u00fcn\u00fcr\u00fcm.<\/p>\n<p class=\"meb1\" align=\"center\">***<\/p>\n<p class=\"meb1\">\u00a0\u00a0\u00a0Ben ba\u015fkalar\u0131n\u0131n yapt\u0131\u011f\u0131 ilkelere de\u011fil, ancak kendi ilkelerime uyar\u0131m.<\/p>\n<p class=\"meb1\" align=\"center\">***<\/p>\n<p class=\"meb1\">\u00a0\u00a0\u00a0Benim g\u00f6z\u00fcmde hi\u00e7bir \u015fey yoktur; ben yaln\u0131z liyakat \u00e2\u015f\u0131\u011f\u0131y\u0131m.<\/p>\n<p class=\"meb1\" align=\"center\">***<\/p>\n<p class=\"meb1\">\u00a0\u00a0\u00a0Hi\u00e7bir zaman \u015fahs\u00ee g\u00fccenikliklerimi, birtak\u0131m olumsuz giri\u015fimlerle tatmine kalkmak ad\u00eeli\u011fine tenezz\u00fcl etmem<\/p>\n<p class=\"meb1\" align=\"center\">***<\/p>\n<p class=\"meb1\">\u00a0\u00a0\u00a0Benim m\u00fcstesna oldu\u011fuma dair bir kan\u0131m yoktur.<\/p>\n<p class=\"meb1\" align=\"center\">***<\/p>\n<p class=\"meb1\">\u00a0\u00a0\u00a0Ben \u00f6l\u00fcrsem soylu milletimizin beraber y\u00fcr\u00fcd\u00fc\u011f\u00fcm\u00fcz yoldan asla ayr\u0131lmayaca\u011f\u0131na eminim; bununla g\u00f6nl\u00fcm rahat!<\/p>\n<p class=\"meb1\">\n","protected":false},"excerpt":{"rendered":"<p>\u00a0\u00a0\u0130ki Mustafa Kemal vard\u0131r: Biri ben, et ve kemik, ge\u00e7ici Mustafa Kemal&#8230; \u0130kinci Mustafa Kemal, onu &#8220;ben&#8221; kelimesiyle ifade edemem; o, ben de\u011fil, bizdir! O, memleketin her k\u00f6\u015fesinde yeni fikir, yeni hayat ve b\u00fcy\u00fck \u00fclk\u00fc i\u00e7in u\u011fra\u015fan ayd\u0131n ve sava\u015f\u00e7\u0131 bir topluluktur. Ben, onlar\u0131n r\u00fcyas\u0131n\u0131 temsil ediyorum. Benim te\u015febb\u00fcslerim, onlar\u0131n \u00f6zlemini \u00e7ektikleri \u015feyleri tatmin i\u00e7indir. [&hellip;]<\/p>\n","protected":false},"author":2,"featured_media":0,"parent":363,"menu_order":0,"comment_status":"closed","ping_status":"closed","template":"","meta":[],"_links":{"self":[{"href":"https:\/\/karder.org.tr\/index.php\/wp-json\/wp\/v2\/pages\/380"}],"collection":[{"href":"https:\/\/karder.org.tr\/index.php\/wp-json\/wp\/v2\/pages"}],"about":[{"href":"https:\/\/karder.org.tr\/index.php\/wp-json\/wp\/v2\/types\/page"}],"author":[{"embeddable":true,"href":"https:\/\/karder.org.tr\/index.php\/wp-json\/wp\/v2\/users\/2"}],"replies":[{"embeddable":true,"href":"https:\/\/karder.org.tr\/index.php\/wp-json\/wp\/v2\/comments?post=380"}],"version-history":[{"count":1,"href":"https:\/\/karder.org.tr\/index.php\/wp-json\/wp\/v2\/pages\/380\/revisions"}],"predecessor-version":[{"id":381,"href":"https:\/\/karder.org.tr\/index.php\/wp-json\/wp\/v2\/pages\/380\/revisions\/381"}],"up":[{"embeddable":true,"href":"https:\/\/karder.org.tr\/index.php\/wp-json\/wp\/v2\/pages\/363"}],"wp:attachment":[{"href":"https:\/\/karder.org.tr\/index.php\/wp-json\/wp\/v2\/media?parent=380"}],"curies":[{"name":"wp","href":"https:\/\/api.w.org\/{rel}","templated":true}]}}