{"id":384,"date":"2018-08-01T14:25:43","date_gmt":"2018-08-01T11:25:43","guid":{"rendered":"http:\/\/karder.org.tr\/?page_id=384"},"modified":"2018-08-01T15:29:03","modified_gmt":"2018-08-01T12:29:03","slug":"fotograflarla-ataturk","status":"publish","type":"page","link":"https:\/\/karder.org.tr\/index.php\/ataturk-kosesi\/fotograflarla-ataturk\/","title":{"rendered":"Foto\u011fraflarla Atat\u00fcrk"},"content":{"rendered":"<div align=\"center\">\n<p><a href=\"https:\/\/www.meb.gov.tr\/belirligunler\/ataturk\/Foto\/008\/5c10.htm\"><img loading=\"lazy\" src=\"https:\/\/www.meb.gov.tr\/belirligunler\/ataturk\/Foto\/008\/Pul\/5c10k.jpg\" width=\"113\" height=\"75\" border=\"0\" \/><\/a><\/p>\n<\/div>\n<p>Cumhurba\u015fkan\u0131 Gazi Mustafa Kemal, Kastamonu&#8217;dan Ankara&#8217;ya d\u00f6n\u00fc\u015f\u00fcnde kendisini kar\u015f\u0131layanlarla (1 Eyl\u00fcl 1925)<\/p>\n<div align=\"center\"><a href=\"https:\/\/www.meb.gov.tr\/belirligunler\/ataturk\/Foto\/008\/5c09.htm\"><img loading=\"lazy\" src=\"https:\/\/www.meb.gov.tr\/belirligunler\/ataturk\/Foto\/008\/Pul\/5c09k.jpg\" width=\"115\" height=\"75\" border=\"0\" \/><\/a><\/div>\n<p>Cumhurba\u015fkan\u0131 Gazi Mustafa Kemal, Kastamonu&#8217;dan Ankara&#8217;ya d\u00f6n\u00fc\u015f\u00fcnde kendisini kar\u015f\u0131layanlarla (1 Eyl\u00fcl 1925)<\/p>\n<div align=\"center\"><span style=\"font-size: medium;\"><b><i><a href=\"https:\/\/www.meb.gov.tr\/belirligunler\/ataturk\/Foto\/008\/911.htm\"><img loading=\"lazy\" src=\"https:\/\/www.meb.gov.tr\/belirligunler\/ataturk\/Foto\/008\/Pul\/11k.jpg\" width=\"110\" height=\"75\" border=\"0\" \/><\/a><\/i><\/b><\/span><\/div>\n<p>Cumhurba\u015fkan\u0131 Gazi Mustafa Kemal, Kastamonu&#8217;dan d\u00f6n\u00fc\u015f\u00fcnde Ankara&#8217;da(1 Eyl\u00fcl 1925)<\/p>\n<p><a href=\"https:\/\/www.meb.gov.tr\/belirligunler\/ataturk\/Foto\/008\/710.htm\"><img loading=\"lazy\" class=\"aligncenter\" src=\"https:\/\/www.meb.gov.tr\/belirligunler\/ataturk\/Foto\/008\/Pul\/710k.jpg\" width=\"144\" height=\"75\" border=\"0\" \/><br \/>\n<\/a>Cumhurba\u015fkan\u0131 Gazi Mustafa Kemal, Mill\u00ee E\u011fitim Bakan\u0131 Mustafa Necati ile Ankara okullar\u0131n\u0131n spor g\u00f6sterilerini izlerken (10 May\u0131s 1928)<\/p>\n<div align=\"center\"><span style=\"font-size: small;\"><a href=\"https:\/\/www.meb.gov.tr\/belirligunler\/ataturk\/Foto\/008\/5a01.htm\"><img loading=\"lazy\" src=\"https:\/\/www.meb.gov.tr\/belirligunler\/ataturk\/Foto\/008\/Pul\/5a01k.jpg\" width=\"106\" height=\"75\" border=\"0\" \/><\/a><\/span><\/div>\n<p>Cumhurba\u015fkan\u0131 Gazi Mustafa Kemal, yeni T\u00fcrk harfleri konusunda verilen konferans\u0131 dinlerken (25 A\u011fustos 1928)<\/p>\n<div align=\"center\"><a href=\"https:\/\/www.meb.gov.tr\/belirligunler\/ataturk\/Foto\/008\/2g23.htm\"><img loading=\"lazy\" src=\"https:\/\/www.meb.gov.tr\/belirligunler\/ataturk\/Foto\/008\/Pul\/2g23k.jpg\" width=\"51\" height=\"75\" border=\"0\" \/><\/a><\/div>\n<p>Cumhurba\u015fkan\u0131 Gazi Mustafa Kemal, yeni T\u00fcrk harflerini halka bizzat \u00f6\u011fretirken (20 Eyl\u00fcl 1928)<\/p>\n<div align=\"center\"><span style=\"font-size: medium;\"><a href=\"https:\/\/www.meb.gov.tr\/belirligunler\/ataturk\/Foto\/008\/5a05.htm\"><img loading=\"lazy\" src=\"https:\/\/www.meb.gov.tr\/belirligunler\/ataturk\/Foto\/008\/Pul\/5a05k.jpg\" width=\"98\" height=\"75\" border=\"0\" \/><\/a><\/span><\/div>\n<p>Cumhurba\u015fkan\u0131 Gazi Mustafa Kemal, Kayseri&#8217;de yeni T\u00fcrk harflerini \u00f6\u011fretirken (20 Eyl\u00fcl 1928)<\/p>\n<div align=\"center\"><a href=\"https:\/\/www.meb.gov.tr\/belirligunler\/ataturk\/Foto\/008\/801.htm\"><img loading=\"lazy\" src=\"https:\/\/www.meb.gov.tr\/belirligunler\/ataturk\/Foto\/008\/Pul\/801k.jpg\" width=\"108\" height=\"75\" border=\"0\" \/><\/a><\/div>\n<p>Cumhurba\u015fkan\u0131 Gazi Mustafa Kemal, \u00c7ankaya K\u00f6\u015fk\u00fc&#8217;nde, k\u00fct\u00fcphanesinde \u00e7al\u0131\u015f\u0131rken (16 Temmuz 1929)<\/p>\n<div align=\"center\"><span style=\"font-size: small;\"><a href=\"https:\/\/www.meb.gov.tr\/belirligunler\/ataturk\/Foto\/008\/2e16.htm\"><img loading=\"lazy\" src=\"https:\/\/www.meb.gov.tr\/belirligunler\/ataturk\/Foto\/008\/Pul\/2e16k.jpg\" width=\"119\" height=\"75\" border=\"0\" \/><\/a><\/span><\/div>\n<p>Cumhurba\u015fkan\u0131 Gazi Mustafa Kemal, Ankara&#8217;da T\u00fcrk Oca\u011f\u0131 kurultay delegeleri ile (27 Nisan 1930)<\/p>\n<div align=\"center\"><a href=\"https:\/\/www.meb.gov.tr\/belirligunler\/ataturk\/Foto\/008\/2g26.htm\"><img loading=\"lazy\" src=\"https:\/\/www.meb.gov.tr\/belirligunler\/ataturk\/Foto\/008\/Pul\/2g26k.jpg\" width=\"135\" height=\"75\" border=\"0\" \/><\/a><\/div>\n<p>Cumhurba\u015fkan\u0131 Gazi Mustafa Kemal, Samsun Lisesinde tarih dersinde (26 Kas\u0131m 1930)<\/p>\n<div align=\"center\"><span style=\"font-size: small;\"><a href=\"https:\/\/www.meb.gov.tr\/belirligunler\/ataturk\/Foto\/008\/5a14.htm\"><img loading=\"lazy\" src=\"https:\/\/www.meb.gov.tr\/belirligunler\/ataturk\/Foto\/008\/Pul\/5a14k.jpg\" width=\"105\" height=\"75\" border=\"0\" \/><\/a><\/span><\/div>\n<p>Cumhurba\u015fkan\u0131 Gazi Mustafa Kemal, \u0130stanbul&#8217;da Harp Okulunda (2 Aral\u0131k 1930)<\/p>\n<div align=\"center\"><a href=\"https:\/\/www.meb.gov.tr\/belirligunler\/ataturk\/Foto\/008\/5101.htm\"><img loading=\"lazy\" src=\"https:\/\/www.meb.gov.tr\/belirligunler\/ataturk\/Foto\/008\/Pul\/01k.jpg\" width=\"99\" height=\"75\" border=\"0\" \/><\/a><\/div>\n<p>Cumhurba\u015fkan\u0131 Gazi Mustafa Kemal, \u0130stanbul \u00dcniversitesi Hukuk Fak\u00fcltesinde \u00f6\u011frenciler aras\u0131nda ders dinlerken<br \/>\n(15 Aral\u0131k 1930)<\/p>\n<div align=\"center\"><span style=\"font-size: small;\"><a href=\"https:\/\/www.meb.gov.tr\/belirligunler\/ataturk\/Foto\/008\/5103.htm\"><img loading=\"lazy\" src=\"https:\/\/www.meb.gov.tr\/belirligunler\/ataturk\/Foto\/008\/Pul\/03k.jpg\" width=\"101\" height=\"75\" border=\"0\" \/><\/a><\/span><\/div>\n<p>Cumhurba\u015fkan\u0131 Gazi Mustafa Kemal, \u0130stanbul \u00dcniversitesinde \u00f6\u011frenciler aras\u0131nda ders dinlerken<br \/>\n(15 Aral\u0131k 1930)<\/p>\n<div align=\"center\"><a href=\"https:\/\/www.meb.gov.tr\/belirligunler\/ataturk\/Foto\/008\/2g21.htm\"><img loading=\"lazy\" src=\"https:\/\/www.meb.gov.tr\/belirligunler\/ataturk\/Foto\/008\/Pul\/2g21k.jpg\" width=\"100\" height=\"75\" border=\"0\" \/><\/a><\/div>\n<p>Cumhurba\u015fkan\u0131 Gazi Mustafa Kemal, \u0130stanbul \u00dcniversitesinde \u00f6\u011frenciler aras\u0131nda ders dinlerken (15 Aral\u0131k 1930)<\/p>\n<div align=\"center\"><span style=\"font-size: small;\"><a href=\"https:\/\/www.meb.gov.tr\/belirligunler\/ataturk\/Foto\/008\/2g06.htm\"><img loading=\"lazy\" src=\"https:\/\/www.meb.gov.tr\/belirligunler\/ataturk\/Foto\/008\/Pul\/2g06k.jpg\" width=\"106\" height=\"75\" border=\"0\" \/><\/a><\/span><\/div>\n<p>Cumhurba\u015fkan\u0131 Gazi Mustafa Kemal, Edirne Erkek \u00d6\u011fretmen Okulu \u00f6\u011fretmen ve \u00f6\u011frencileriyle (24 Aral\u0131k 1930)<\/p>\n<div align=\"center\"><a href=\"https:\/\/www.meb.gov.tr\/belirligunler\/ataturk\/Foto\/008\/2g13.htm\"><img loading=\"lazy\" src=\"https:\/\/www.meb.gov.tr\/belirligunler\/ataturk\/Foto\/008\/Pul\/2g13k.jpg\" width=\"105\" height=\"75\" border=\"0\" \/><\/a><\/div>\n<p>Cumhurba\u015fkan\u0131 Gazi Mustafa Kemal, \u0130zmir Erkek Lisesinde matematik dersini izlerken (1 \u015eubat 1931)<\/p>\n<div align=\"center\"><span style=\"font-size: small;\"><a href=\"https:\/\/www.meb.gov.tr\/belirligunler\/ataturk\/Foto\/008\/5a21.htm\"><img loading=\"lazy\" src=\"https:\/\/www.meb.gov.tr\/belirligunler\/ataturk\/Foto\/008\/Pul\/5a21k.jpg\" width=\"110\" height=\"75\" border=\"0\" \/><\/a><\/span><\/div>\n<p>Cumhurba\u015fkan\u0131 Gazi Mustafa Kemal, Ankara T\u00fcrk Oca\u011f\u0131nda (Resim ve Heykel M\u00fczesi) T\u00fcrk Tarih Kurumu toplant\u0131s\u0131nda (19 Temmuz 1931)<\/p>\n<div align=\"center\"><a href=\"https:\/\/www.meb.gov.tr\/belirligunler\/ataturk\/Foto\/008\/5a20.htm\"><img loading=\"lazy\" src=\"https:\/\/www.meb.gov.tr\/belirligunler\/ataturk\/Foto\/008\/Pul\/5a20k.jpg\" width=\"97\" height=\"75\" border=\"0\" \/><\/a><\/div>\n<p>Cumhurba\u015fkan\u0131 Gazi Mustafa Kemal, Ankara&#8217;da Birinci T\u00fcrk Tarih Kongresi s\u0131ras\u0131nda kongre delegeleri ile<br \/>\n(8 Temmuz 1932)<\/p>\n<div align=\"center\"><\/div>\n<p>&nbsp;<\/p>\n<div align=\"center\"><\/div>\n<p>&nbsp;<\/p>\n<div align=\"center\"><span style=\"font-size: small;\"><a href=\"https:\/\/www.meb.gov.tr\/belirligunler\/ataturk\/Foto\/008\/5a19.htm\"><img loading=\"lazy\" src=\"https:\/\/www.meb.gov.tr\/belirligunler\/ataturk\/Foto\/008\/Pul\/5a19k.jpg\" width=\"104\" height=\"75\" border=\"0\" \/><\/a><\/span><\/div>\n<p>Cumhurba\u015fkan\u0131 Gazi Mustafa Kemal, Mill\u00ee E\u011fitim Bakan\u0131 Dr. Re\u015fit Galip ile Ankara Ahlatl\u0131bel&#8217;de arkeoloji \u00e7al\u0131\u015fmalar\u0131n\u0131 izlerken (5 May\u0131s 1933)<\/p>\n<div align=\"center\"><a href=\"https:\/\/www.meb.gov.tr\/belirligunler\/ataturk\/Foto\/008\/2g02.htm\"><img loading=\"lazy\" src=\"https:\/\/www.meb.gov.tr\/belirligunler\/ataturk\/Foto\/008\/Pul\/2g02k.jpg\" width=\"105\" height=\"75\" border=\"0\" \/><\/a><\/div>\n<p>Cumhurba\u015fkan\u0131 Gazi Mustafa Kemal, Orman \u00c7iftli\u011fi&#8217;nde bir genci s\u0131nav yaparken (25 May\u0131s 1933)<\/p>\n<div align=\"center\"><span style=\"font-size: medium;\"><a href=\"https:\/\/www.meb.gov.tr\/belirligunler\/ataturk\/Foto\/008\/8003.htm\"><img loading=\"lazy\" src=\"https:\/\/www.meb.gov.tr\/belirligunler\/ataturk\/Foto\/008\/Pul\/8003k.jpg\" width=\"113\" height=\"75\" border=\"0\" \/><\/a><\/span><\/div>\n<p>Cumhurba\u015fkan\u0131 Gazi Mustafa Kemal, s\u0131nav sonucunda ba\u015far\u0131l\u0131 olan gence mendilini hediye ederken(25 May\u0131s 1933)<\/p>\n<div align=\"center\"><a href=\"https:\/\/www.meb.gov.tr\/belirligunler\/ataturk\/Foto\/008\/2g04.htm\"><img loading=\"lazy\" src=\"https:\/\/www.meb.gov.tr\/belirligunler\/ataturk\/Foto\/008\/Pul\/2g04k.jpg\" width=\"107\" height=\"75\" border=\"0\" \/><\/a><\/div>\n<p>Cumhurba\u015fkan\u0131 Gazi Mustafa Kemal, Ankara \u0130smet Pa\u015fa K\u0131z Enstit\u00fcs\u00fcnde \u00f6\u011fretmen ve \u00f6\u011frencilerle\u00a0 \u00a0 \u00a0 \u00a0 \u00a0 \u00a0 \u00a0 \u00a0 \u00a0 \u00a0 \u00a0 \u00a0 (27 Haziran 1933)<\/p>\n<div align=\"center\"><span style=\"font-size: medium;\"><a href=\"https:\/\/www.meb.gov.tr\/belirligunler\/ataturk\/Foto\/008\/5a10.htm\"><img loading=\"lazy\" src=\"https:\/\/www.meb.gov.tr\/belirligunler\/ataturk\/Foto\/008\/Pul\/5a10k.jpg\" width=\"100\" height=\"75\" border=\"0\" \/><\/a><\/span><\/div>\n<p>Cumhurba\u015fkan\u0131 Gazi Mustafa Kemal, Ankara K\u0131z Lisesinde Ba\u015fbakan \u0130smet \u0130n\u00f6n\u00fc ve Afet \u0130nan ile birlikte<br \/>\n(12 May\u0131s 1934)<\/p>\n<div align=\"center\"><a href=\"https:\/\/www.meb.gov.tr\/belirligunler\/ataturk\/Foto\/008\/2g25.htm\"><img loading=\"lazy\" src=\"https:\/\/www.meb.gov.tr\/belirligunler\/ataturk\/Foto\/008\/Pul\/2g25k.jpg\" width=\"115\" height=\"75\" border=\"0\" \/><\/a><\/div>\n<p>Cumhurba\u015fkan\u0131 Gazi Mustafa Kemal, \u0130zmir (Gaziemir)&#8217;de bir asker\u00ee birlikte \u0130ran \u015eah\u0131 ve Ba\u015fbakan \u0130smet \u0130n\u00f6n\u00fc ile bir Mehmet\u00e7i\u011fi s\u0131nav yaparken (23 Haziran 1934)<\/p>\n<p>&nbsp;<\/p>\n<div align=\"center\"><\/div>\n<p>&nbsp;<\/p>\n<div align=\"center\"><span style=\"font-size: medium;\"><a href=\"https:\/\/www.meb.gov.tr\/belirligunler\/ataturk\/Foto\/008\/5a08.htm\"><img loading=\"lazy\" src=\"https:\/\/www.meb.gov.tr\/belirligunler\/ataturk\/Foto\/008\/Pul\/5a08k.jpg\" width=\"119\" height=\"75\" border=\"0\" \/><\/a><\/span><\/div>\n<p>Cumhurba\u015fkan\u0131 Gazi Mustafa Kemal, \u0130kinci T\u00fcrk Dil Kurultay\u0131nda (18 A\u011fustos 1934)<\/p>\n<div align=\"center\"><a href=\"https:\/\/www.meb.gov.tr\/belirligunler\/ataturk\/Foto\/008\/5106.htm\"><img loading=\"lazy\" src=\"https:\/\/www.meb.gov.tr\/belirligunler\/ataturk\/Foto\/008\/Pul\/06k.jpg\" width=\"103\" height=\"75\" border=\"0\" \/><\/a><\/div>\n<p>Cumhurba\u015fkan\u0131 Gazi Mustafa Kemal, \u00f6\u011frenciler aras\u0131nda (1934)<\/p>\n<div align=\"center\"><span style=\"font-size: medium;\"><a href=\"https:\/\/www.meb.gov.tr\/belirligunler\/ataturk\/Foto\/008\/730.htm\"><img loading=\"lazy\" src=\"https:\/\/www.meb.gov.tr\/belirligunler\/ataturk\/Foto\/008\/Pul\/730k.jpg\" width=\"109\" height=\"75\" border=\"0\" \/><\/a><\/span><\/div>\n<p>Cumhurba\u015fkan\u0131 Atat\u00fcrk, Eski\u015fehir&#8217;de Tayyare Mektebinde u\u00e7u\u015flar\u0131 izlerken (9 Haziran 1936)<\/p>\n<div align=\"center\"><a href=\"https:\/\/www.meb.gov.tr\/belirligunler\/ataturk\/Foto\/008\/5a02.htm\"><img loading=\"lazy\" src=\"https:\/\/www.meb.gov.tr\/belirligunler\/ataturk\/Foto\/008\/Pul\/5a02k.jpg\" width=\"110\" height=\"75\" border=\"0\" \/><\/a><\/div>\n<p>Cumhurba\u015fkan\u0131 Atat\u00fcrk, \u00dc\u00e7\u00fcnc\u00fc T\u00fcrk Dil Kurultay\u0131nda bir grup delege ile birlikte<br \/>\n(A\u011fustos 1936)<\/p>\n<div align=\"center\"><span style=\"font-size: medium;\"><a href=\"https:\/\/www.meb.gov.tr\/belirligunler\/ataturk\/Foto\/008\/5105.htm\"><img loading=\"lazy\" src=\"https:\/\/www.meb.gov.tr\/belirligunler\/ataturk\/Foto\/008\/Pul\/05k.jpg\" width=\"103\" height=\"75\" border=\"0\" \/><\/a><\/span><\/div>\n<p>Cumhurba\u015fkan\u0131 Atat\u00fcrk, \u00dc\u00e7\u00fcnc\u00fc T\u00fcrk Dil Kurultay\u0131nda bir grup delege ile birlikte (A\u011fustos 1936)<\/p>\n<div align=\"center\"><a href=\"https:\/\/www.meb.gov.tr\/belirligunler\/ataturk\/Foto\/008\/2c01.htm\"><img loading=\"lazy\" src=\"https:\/\/www.meb.gov.tr\/belirligunler\/ataturk\/Foto\/008\/Pul\/2c01k.jpg\" width=\"116\" height=\"75\" border=\"0\" \/><\/a><\/div>\n<p>Cumhurba\u015fkan\u0131 Atat\u00fcrk, Beylerbeyi Saray\u0131&#8217;nda d\u00fczenlenen Balkan Festivali&#8217;nde (2\/3 Eyl\u00fcl 1936)<\/p>\n<div align=\"center\"><span style=\"font-size: medium;\"><a href=\"https:\/\/www.meb.gov.tr\/belirligunler\/ataturk\/Foto\/008\/8001.htm\"><img loading=\"lazy\" src=\"https:\/\/www.meb.gov.tr\/belirligunler\/ataturk\/Foto\/008\/Pul\/8001k.jpg\" width=\"127\" height=\"75\" border=\"0\" \/><\/a><\/span><\/div>\n<p>Cumhurba\u015fkan\u0131 Atat\u00fcrk, Dolmabah\u00e7e Saray\u0131&#8217;nda a\u00e7\u0131lan resim ve heykel sergisine gelirken (20 Eyl\u00fcl 1937)<\/p>\n<div align=\"center\"><a href=\"https:\/\/www.meb.gov.tr\/belirligunler\/ataturk\/Foto\/008\/8002.htm\"><img loading=\"lazy\" src=\"https:\/\/www.meb.gov.tr\/belirligunler\/ataturk\/Foto\/008\/Pul\/8002k.jpg\" width=\"101\" height=\"75\" border=\"0\" \/><\/a><\/div>\n<p>Cumhurba\u015fkan\u0131 Atat\u00fcrk, Dolmabah\u00e7e Saray\u0131&#8217;nda a\u00e7\u0131lan resim ve heykel sergisine gelirken (20 Eyl\u00fcl 1937)<\/p>\n<div align=\"center\"><span style=\"font-size: medium;\"><b><i><a href=\"https:\/\/www.meb.gov.tr\/belirligunler\/ataturk\/Foto\/008\/4001.htm\"><img loading=\"lazy\" src=\"https:\/\/www.meb.gov.tr\/belirligunler\/ataturk\/Foto\/008\/Pul\/4001k.jpg\" width=\"72\" height=\"75\" border=\"0\" \/><\/a><\/i><\/b><\/span><\/div>\n<p>Cumhurba\u015fkan\u0131 Atat\u00fcrk, \u0130kinci T\u00fcrk Tarih Kurultay\u0131 nedeniyle Dolmabah\u00e7e Saray\u0131&#8217;nda d\u00fczenlenen tarih sergisini gezerken (20 Eyl\u00fcl 1937)<\/p>\n<div align=\"center\"><b><i><a href=\"https:\/\/www.meb.gov.tr\/belirligunler\/ataturk\/Foto\/008\/5102.htm\"><img loading=\"lazy\" src=\"https:\/\/www.meb.gov.tr\/belirligunler\/ataturk\/Foto\/008\/Pul\/02k.jpg\" width=\"103\" height=\"75\" border=\"0\" \/><\/a><\/i><\/b><\/div>\n<p>Cumhurba\u015fkan\u0131 Atat\u00fcrk, Nazilli&#8217;de \u00f6\u011frencilerle (9 Ekim 1937)<\/p>\n<div align=\"center\"><span style=\"font-size: medium;\"><b><i><a href=\"https:\/\/www.meb.gov.tr\/belirligunler\/ataturk\/Foto\/008\/2g11.htm\"><img loading=\"lazy\" src=\"https:\/\/www.meb.gov.tr\/belirligunler\/ataturk\/Foto\/008\/Pul\/2g11k.jpg\" width=\"106\" height=\"75\" border=\"0\" \/><\/a><\/i><\/b><\/span><\/div>\n<p>Cumhurba\u015fkan\u0131 Atat\u00fcrk, Sivas Lisesinde geometri dersini verirken (13 Kas\u0131m 1937)<\/p>\n<div align=\"center\"><a href=\"https:\/\/www.meb.gov.tr\/belirligunler\/ataturk\/Foto\/008\/2g10.htm\"><img loading=\"lazy\" src=\"https:\/\/www.meb.gov.tr\/belirligunler\/ataturk\/Foto\/008\/Pul\/2g10k.jpg\" width=\"103\" height=\"75\" border=\"0\" \/><\/a><\/div>\n<p>Cumhurba\u015fkan\u0131 Atat\u00fcrk, Pertek&#8217;te \u00f6\u011frencilerle konu\u015furken (17 Kas\u0131m 1937)<\/p>\n<div align=\"center\"><span style=\"font-size: medium;\"><a href=\"https:\/\/www.meb.gov.tr\/belirligunler\/ataturk\/Foto\/008\/5a12.htm\"><img loading=\"lazy\" src=\"https:\/\/www.meb.gov.tr\/belirligunler\/ataturk\/Foto\/008\/Pul\/5a12k.jpg\" width=\"115\" height=\"75\" border=\"0\" \/><\/a><\/span><\/div>\n<p>Cumhurba\u015fkan\u0131 Atat\u00fcrk, Tunceli Pertek Halk Evi \u00f6n\u00fcnde (17 Kas\u0131m 1937)<\/p>\n<div align=\"center\"><a href=\"https:\/\/www.meb.gov.tr\/belirligunler\/ataturk\/Foto\/008\/5a16.htm\"><img loading=\"lazy\" src=\"https:\/\/www.meb.gov.tr\/belirligunler\/ataturk\/Foto\/008\/Pul\/5a16k.jpg\" width=\"104\" height=\"75\" border=\"0\" \/><\/a><\/div>\n<p>Cumhurba\u015fkan\u0131 Atat\u00fcrk, Adana \u0130smet Pa\u015fa K\u0131z Enstit\u00fcs\u00fcnde el sanat\u0131 \u00e7al\u0131\u015fmalar\u0131n\u0131 izlerken (19 Kas\u0131m 1937)<\/p>\n<div align=\"center\"><span style=\"font-size: medium;\"><a href=\"https:\/\/www.meb.gov.tr\/belirligunler\/ataturk\/Foto\/008\/5a17.htm\"><img loading=\"lazy\" src=\"https:\/\/www.meb.gov.tr\/belirligunler\/ataturk\/Foto\/008\/Pul\/5a17k.jpg\" width=\"104\" height=\"75\" border=\"0\" \/><\/a><\/span><\/div>\n<p>Cumhurba\u015fkan\u0131 Atat\u00fcrk, Adana \u0130smet Pa\u015fa K\u0131z Enstit\u00fcs\u00fcnde (19 Kas\u0131m 1937)<\/p>\n<div align=\"center\"><a href=\"https:\/\/www.meb.gov.tr\/belirligunler\/ataturk\/Foto\/008\/5107.htm\"><img loading=\"lazy\" src=\"https:\/\/www.meb.gov.tr\/belirligunler\/ataturk\/Foto\/008\/Pul\/07k.jpg\" width=\"111\" height=\"75\" border=\"0\" \/><\/a><\/div>\n<p>Cumhurba\u015fkan\u0131 Atat\u00fcrk, Adana \u0130smet Pa\u015fa K\u0131z Enstit\u00fcs\u00fcnde tarih dersinde (19 Kas\u0131m 1937)<\/p>\n<div align=\"center\"><span style=\"font-size: medium;\"><a href=\"https:\/\/www.meb.gov.tr\/belirligunler\/ataturk\/Foto\/008\/5104.htm\"><img loading=\"lazy\" src=\"https:\/\/www.meb.gov.tr\/belirligunler\/ataturk\/Foto\/008\/Pul\/04k.jpg\" width=\"100\" height=\"75\" border=\"0\" \/><\/a><\/span><\/div>\n<p>Cumhurba\u015fkan\u0131 Atat\u00fcrk, Adana \u0130smet Pa\u015fa K\u0131z Enstit\u00fcs\u00fcnde tarih dersinde (19 Kas\u0131m 1937)<\/p>\n<div align=\"center\"><a href=\"https:\/\/www.meb.gov.tr\/belirligunler\/ataturk\/Foto\/008\/5a09.htm\"><img loading=\"lazy\" src=\"https:\/\/www.meb.gov.tr\/belirligunler\/ataturk\/Foto\/008\/Pul\/5a09k.jpg\" width=\"106\" height=\"75\" border=\"0\" \/><\/a><\/div>\n<p>Cumhurba\u015fkan\u0131 Atat\u00fcrk, Mersin&#8217;de \u00f6\u011fretmen ve \u00f6\u011frencileri sel\u00e2mlarken (19 Kas\u0131m 1937)<\/p>\n<div align=\"center\"><span style=\"font-size: small;\"><a href=\"https:\/\/www.meb.gov.tr\/belirligunler\/ataturk\/Foto\/008\/2g12.htm\"><img loading=\"lazy\" src=\"https:\/\/www.meb.gov.tr\/belirligunler\/ataturk\/Foto\/008\/Pul\/2g12k.jpg\" width=\"109\" height=\"75\" border=\"0\" \/><\/a><\/span><\/div>\n<p>Cumhurba\u015fkan\u0131 Atat\u00fcrk, Afyon&#8217;da \u00f6\u011frencilerin \u00f6n\u00fcnden ge\u00e7erken (20 Kas\u0131m 1937)<\/p>\n<div align=\"center\"><a href=\"https:\/\/www.meb.gov.tr\/belirligunler\/ataturk\/Foto\/008\/5b36.htm\"><img loading=\"lazy\" src=\"https:\/\/www.meb.gov.tr\/belirligunler\/ataturk\/Foto\/008\/Pul\/5b36k.jpg\" width=\"106\" height=\"75\" border=\"0\" \/><\/a><\/div>\n<p>Cumhurba\u015fkan\u0131 Atat\u00fcrk, Ankara T\u00fcrkku\u015fu&#8217;nda Sabiha G\u00f6k\u00e7en ile birlikte (1937)<\/p>\n<div align=\"center\"><\/div>\n<div align=\"center\"><\/div>\n<div align=\"center\"><\/div>\n<p>&nbsp;<\/p>\n","protected":false},"excerpt":{"rendered":"<p>Cumhurba\u015fkan\u0131 Gazi Mustafa Kemal, Kastamonu&#8217;dan Ankara&#8217;ya d\u00f6n\u00fc\u015f\u00fcnde kendisini kar\u015f\u0131layanlarla (1 Eyl\u00fcl 1925) Cumhurba\u015fkan\u0131 Gazi Mustafa Kemal, Kastamonu&#8217;dan Ankara&#8217;ya d\u00f6n\u00fc\u015f\u00fcnde kendisini kar\u015f\u0131layanlarla (1 Eyl\u00fcl 1925) Cumhurba\u015fkan\u0131 Gazi Mustafa Kemal, Kastamonu&#8217;dan d\u00f6n\u00fc\u015f\u00fcnde Ankara&#8217;da(1 Eyl\u00fcl 1925) Cumhurba\u015fkan\u0131 Gazi Mustafa Kemal, Mill\u00ee E\u011fitim Bakan\u0131 Mustafa Necati ile Ankara okullar\u0131n\u0131n spor g\u00f6sterilerini izlerken (10 May\u0131s 1928) Cumhurba\u015fkan\u0131 Gazi Mustafa Kemal, [&hellip;]<\/p>\n","protected":false},"author":2,"featured_media":0,"parent":363,"menu_order":0,"comment_status":"closed","ping_status":"closed","template":"","meta":[],"_links":{"self":[{"href":"https:\/\/karder.org.tr\/index.php\/wp-json\/wp\/v2\/pages\/384"}],"collection":[{"href":"https:\/\/karder.org.tr\/index.php\/wp-json\/wp\/v2\/pages"}],"about":[{"href":"https:\/\/karder.org.tr\/index.php\/wp-json\/wp\/v2\/types\/page"}],"author":[{"embeddable":true,"href":"https:\/\/karder.org.tr\/index.php\/wp-json\/wp\/v2\/users\/2"}],"replies":[{"embeddable":true,"href":"https:\/\/karder.org.tr\/index.php\/wp-json\/wp\/v2\/comments?post=384"}],"version-history":[{"count":7,"href":"https:\/\/karder.org.tr\/index.php\/wp-json\/wp\/v2\/pages\/384\/revisions"}],"predecessor-version":[{"id":396,"href":"https:\/\/karder.org.tr\/index.php\/wp-json\/wp\/v2\/pages\/384\/revisions\/396"}],"up":[{"embeddable":true,"href":"https:\/\/karder.org.tr\/index.php\/wp-json\/wp\/v2\/pages\/363"}],"wp:attachment":[{"href":"https:\/\/karder.org.tr\/index.php\/wp-json\/wp\/v2\/media?parent=384"}],"curies":[{"name":"wp","href":"https:\/\/api.w.org\/{rel}","templated":true}]}}