{"id":400,"date":"2018-08-01T15:31:50","date_gmt":"2018-08-01T12:31:50","guid":{"rendered":"http:\/\/karder.org.tr\/?page_id=400"},"modified":"2018-08-01T15:31:50","modified_gmt":"2018-08-01T12:31:50","slug":"kar-der-kongre-tutanagi","status":"publish","type":"page","link":"https:\/\/karder.org.tr\/index.php\/kar-der-hakkinda\/kar-der-kongre-tutanagi\/","title":{"rendered":"Kar-Der Kongre Tutana\u011f\u0131"},"content":{"rendered":"<table width=\"410\">\n<tbody>\n<tr>\n<td width=\"431\"><strong>KONGRE TUTANA\u011eI<\/strong><\/td>\n<\/tr>\n<\/tbody>\n<\/table>\n<p style=\"font-weight: 400;\"><strong>\u00a0\u00a0\u00a0\u00a0\u00a0\u00a0\u00a0<\/strong><\/p>\n<p>&nbsp;<\/p>\n<h1>GENEL KURUL TOPLANTI TUTANA\u011eI<\/h1>\n<p>30.04.2011 tarihinde saat 13.00 da derne\u011fimiz ba\u015fkan\u0131 Abbas KU\u015eDO\u011eAN&#8217;\u0131n a\u00e7\u0131l\u0131\u015f konu\u015fmas\u0131 ile genel kurul ba\u015flam\u0131\u015ft\u0131r. G\u00fcndem maddeleri s\u0131ras\u0131yla g\u00f6r\u00fc\u015f\u00fcl\u00fcp a\u015f\u015fa\u011f\u0131da belirtilen kararlar al\u0131nm\u0131\u015ft\u0131r.<\/p>\n<p>1-A\u00e7\u0131l\u0131\u015f ve yoklama yap\u0131lm\u0131\u015ft\u0131r.<\/p>\n<p>2-Sayg\u0131 duru\u015funda bulunulup istiklal mar\u015f\u0131 okunmu\u015ftur.<\/p>\n<p>3-4-Divan te\u015fekk\u00fcl\u00fc ile divan ba\u015fkanl\u0131\u011f\u0131na R\u0131za CENG\u0130Z katip \u00fcyeli\u011fine Hasan H\u00fcseyin \u00c7A\u011eLAR,Hasan TEM\u0130Z se\u00e7ilmi\u015ftir.<\/p>\n<p>5-Faliyet raporunu derne\u011fimizin II.ba\u015fkan\u0131 Mustafa \u015eAH\u0130N \u00fcyelere sunmu\u015ftur.Faliyet raporunda yap\u0131lan \u00e7al\u0131\u015fmalar belirtilmi\u015f olup,k\u00fclt\u00fcr merkezinin yap\u0131m\u0131 yan\u0131nda ayl\u0131k k\u00fclt\u00fcr dergisinin d\u00fczenli olarak y\u00fcr\u00fct\u00fcld\u00fc\u011f\u00fc de belirtilmi\u015ftir.<\/p>\n<p>6-Yap\u0131lan denetim sunu\u015flar\u0131na g\u00f6re Yusuf EL\u0130A\u00c7IK \u00fcye aidatlar\u0131n\u0131n toplanmas\u0131nda aksakl\u0131klar oldu\u011funu belirtmi\u015ftir.K\u00f6y\u00fcm\u00fczde yap\u0131lan k\u00fclt\u00fcr merkezi binas\u0131n\u0131n yap\u0131m\u0131nda ola\u011fan \u00fcst\u00fc gayretler g\u00f6sterildi\u011fi y\u00f6netim kurulunda \u00e7al\u0131\u015fmalar\u0131n a\u011f\u0131rl\u0131\u011f\u0131n\u0131n ba\u015fkanda oldu\u011fu s\u00f6ylenmi\u015ftir<\/p>\n<p>7-Yap\u0131lan a\u00e7\u0131klama,inceleme ve oylama sonucunda y\u00f6netim ve denetim kurallar\u0131n\u0131n raporlar\u0131 oy birli\u011fi ile ibra edilmi\u015ftir.<\/p>\n<p>8-Tahmini b\u00fctce Abbas KU\u015eDO\u011eAN taraf\u0131ndan a\u00e7\u0131klanm\u0131\u015ft\u0131r.Dernek gelirlerinin artt\u0131r\u0131lmas\u0131 i\u00e7in ba\u011f\u0131\u015flar\u0131n toplanmas\u0131,\u00e7e\u015fitli etkinliklerin yap\u0131lmas\u0131,sosyal hizmetlerden ba\u011f\u0131\u015flar\u0131n al\u0131nmas\u0131 belirtilmi\u015ftir.Genel kurula sunulan 16.000 tl lik tahmini b\u00fctce oylama sonucunda oy \u00e7oklu\u011fu ile kabul edilmi\u015ftir.<\/p>\n<p>9-Aidat\u0131n\u0131 \u00f6demeyen \u00fcyelerin \u00fcyelikten \u00e7\u0131kar\u0131lmas\u0131ndan \u00f6nce \u00fcyelere yaz\u0131l\u0131 uyar\u0131 yap\u0131larak c\u0131kar\u0131lmas\u0131 Mustafa \u015eAH\u0130N taraf\u0131ndan \u00f6nerildi.Bu \u00f6neride oy birli\u011fi ile kabul g\u00f6rd\u00fc.<\/p>\n<p>\u00dcye aidatlar\u0131n\u0131n Divan ba\u015fkan\u0131 R\u0131za CENG\u0130Z taraf\u0131ndan 50 TL \u00f6nerildi Abbas KU\u015eDO\u011eAN taraf\u0131ndan itiraz edildi \u00fcyelerden 30 TL al\u0131nmazken 50 TL olmas\u0131na gerek olmad\u0131\u011f\u0131 vurguland\u0131.Mehmet TEM\u0130Z daha fazla olmas\u0131n\u0131 istedi Mustafa KARACAN aidat \u00f6demelerini Abbas KU\u015eDO\u011eAN&#8217;a sorulmas\u0131n\u0131 \u00f6nerdi.\u00c7\u00fcnki aidatlar toplarken ne sik\u0131nt\u0131lar ya\u015fad\u0131\u011f\u0131n\u0131 en \u00e7ok bilen bu ki\u015fidir deedi.Hasan H\u00fcseyin \u00c7A\u011eLAR itiraz etti.R\u0131za CENG\u0130Z taraf\u0131ndan aidatlar\u0131n bu y\u0131l 40TL olmas\u0131n\u0131 \u00f6nerdi \u00f6neri oy birli\u011fiyle kabul edildi.<\/p>\n<p>10-yeni y\u00f6netim ve denetim kurulunun se\u00e7imine ge\u00e7ildi. Yap\u0131lan oylama sonucunda eski y\u00f6netimin devam\u0131na yanl\u0131z Mehmet TEM\u0130Z ile H\u00fcseyin SEV\u0130M&#8217;in y\u00f6netimden ayr\u0131lan Mustafa KARACAN ile \u0130smail TEM\u0130Z\u0130N yerine al\u0131nmas\u0131na oy birli\u011fi ile karar verildi<\/p>\n<ul>\n<li>Y\u00f6netim kurulu \u00fcyeleri:Abbas KU\u015eDO\u011eAN,\u0130brahim A\u011eAN,Mustafa \u015eAH\u0130N,Mehmet TEM\u0130Z,H\u00fcseyin SEV\u0130M se\u00e7ilmi\u015ftir.<\/li>\n<li>Denetim kurulu \u00fcyeleri:Yusuf EL\u0130A\u00c7IK.Hasan H\u00fcseyin \u00c7A\u011eLAR,Veli \u00d6ZG\u00dcL,Feyzullah \u00c7EL\u0130K,Ahmet \u00c7A\u011eLAR<\/li>\n<li>Denetim kurulu yedek \u00fcyeleri:Kenan \u00c7EL\u0130K,\u0130smail TEM\u0130Z,Mehmet AYDIN se\u00e7ilmi\u015ftir.<\/li>\n<\/ul>\n<p>11-Dilek ve temenniler:R\u0131za CENG\u0130Z ile Hasan H\u00fcseyin \u00c7A\u011eLAR teni se\u00e7ilen y\u00f6netim kuruluna ba\u015far\u0131lar diledi.<\/p>\n<table>\n<tbody>\n<tr>\n<td width=\"33%\">R\u0131za CENG\u0130Z<\/td>\n<td width=\"33%\">Hasan H\u00fcseyin \u00c7A\u011eLAR<\/td>\n<td width=\"33%\">Hasan Temiz<\/td>\n<\/tr>\n<tr>\n<td>Divan Ba\u015fkan\u0131<\/td>\n<td>Katip \u00dcye<\/td>\n<td>Katip \u00dcye<\/td>\n<\/tr>\n<\/tbody>\n<\/table>\n","protected":false},"excerpt":{"rendered":"<p>KONGRE TUTANA\u011eI \u00a0\u00a0\u00a0\u00a0\u00a0\u00a0\u00a0 &nbsp; GENEL KURUL TOPLANTI TUTANA\u011eI 30.04.2011 tarihinde saat 13.00 da derne\u011fimiz ba\u015fkan\u0131 Abbas KU\u015eDO\u011eAN&#8217;\u0131n a\u00e7\u0131l\u0131\u015f konu\u015fmas\u0131 ile genel kurul ba\u015flam\u0131\u015ft\u0131r. G\u00fcndem maddeleri s\u0131ras\u0131yla g\u00f6r\u00fc\u015f\u00fcl\u00fcp a\u015f\u015fa\u011f\u0131da belirtilen kararlar al\u0131nm\u0131\u015ft\u0131r. 1-A\u00e7\u0131l\u0131\u015f ve yoklama yap\u0131lm\u0131\u015ft\u0131r. 2-Sayg\u0131 duru\u015funda bulunulup istiklal mar\u015f\u0131 okunmu\u015ftur. 3-4-Divan te\u015fekk\u00fcl\u00fc ile divan ba\u015fkanl\u0131\u011f\u0131na R\u0131za CENG\u0130Z katip \u00fcyeli\u011fine Hasan H\u00fcseyin \u00c7A\u011eLAR,Hasan TEM\u0130Z se\u00e7ilmi\u015ftir. [&hellip;]<\/p>\n","protected":false},"author":2,"featured_media":0,"parent":397,"menu_order":0,"comment_status":"closed","ping_status":"closed","template":"","meta":[],"_links":{"self":[{"href":"https:\/\/karder.org.tr\/index.php\/wp-json\/wp\/v2\/pages\/400"}],"collection":[{"href":"https:\/\/karder.org.tr\/index.php\/wp-json\/wp\/v2\/pages"}],"about":[{"href":"https:\/\/karder.org.tr\/index.php\/wp-json\/wp\/v2\/types\/page"}],"author":[{"embeddable":true,"href":"https:\/\/karder.org.tr\/index.php\/wp-json\/wp\/v2\/users\/2"}],"replies":[{"embeddable":true,"href":"https:\/\/karder.org.tr\/index.php\/wp-json\/wp\/v2\/comments?post=400"}],"version-history":[{"count":1,"href":"https:\/\/karder.org.tr\/index.php\/wp-json\/wp\/v2\/pages\/400\/revisions"}],"predecessor-version":[{"id":401,"href":"https:\/\/karder.org.tr\/index.php\/wp-json\/wp\/v2\/pages\/400\/revisions\/401"}],"up":[{"embeddable":true,"href":"https:\/\/karder.org.tr\/index.php\/wp-json\/wp\/v2\/pages\/397"}],"wp:attachment":[{"href":"https:\/\/karder.org.tr\/index.php\/wp-json\/wp\/v2\/media?parent=400"}],"curies":[{"name":"wp","href":"https:\/\/api.w.org\/{rel}","templated":true}]}}