{"id":410,"date":"2018-08-01T15:37:26","date_gmt":"2018-08-01T12:37:26","guid":{"rendered":"http:\/\/karder.org.tr\/?page_id=410"},"modified":"2025-05-14T15:31:01","modified_gmt":"2025-05-14T12:31:01","slug":"cografi-durum","status":"publish","type":"page","link":"https:\/\/karder.org.tr\/index.php\/ataturk-kosesi\/ataturke-gore-ataturk\/cografi-durum\/","title":{"rendered":"Co\u011frafi Durum"},"content":{"rendered":"<p align=\"justify\"><b><span style=\"font-family: Verdana; font-size: small;\">CO\u011eRAF\u0130 DURUM<\/span><\/b><\/p>\n<p align=\"justify\"><span style=\"font-family: Verdana; font-size: small;\">Karaca k\u00f6y\u00fc Malatya\u2019n\u0131n Yaz\u0131han il\u00e7esine ba\u011fl\u0131d\u0131r. Do\u011fusunda Par\u00e7iken ve Boyalca k\u00f6yleri, bat\u0131s\u0131nda Kuru\u00e7ay, Kamara\u015f, Halincek k\u00f6y\u00fc ve Hekimhan il\u00e7esi, kuzeyinde Uluyol, Ektir ve S\u00fclmenli k\u00f6yleri, g\u00fcneyinde G\u00f6v\u00fck k\u00f6y\u00fc bulunmaktad\u0131r.<\/span><\/p>\n<p align=\"justify\"><span style=\"font-family: Verdana; font-size: small;\"><br \/>\nK\u00f6yde toplu yerle\u015fim mevcuttur. K\u00f6y\u00fcn Malatya\u2019ya uzakl\u0131\u011f\u0131 50 km olup, Hekimhan-Sivas yolu \u00fczerinde 5 km i\u00e7erisinde kalmaktad\u0131r.<\/span><\/p>\n<p align=\"justify\"><span style=\"font-family: Verdana; font-size: small;\">K\u00f6yde k\u0131rsal iklim h\u00fck\u00fcm s\u00fcrer. Yazlar s\u0131cak ve kurak k\u0131\u015flar uzun ve so\u011fuk ge\u00e7er. En \u00e7ok ya\u011f\u0131\u015f ilkbahar mevsimindedir. Kumar\u0131 ve kuru\u00e7ay civar\u0131nda kays\u0131 a\u011fac\u0131 ve kavaklar bulunur. Kays\u0131 ve tah\u0131l \u00fcr\u00fcnleri yeti\u015ftirilici\u011fine a\u011f\u0131rl\u0131k verilmektedir. Azda olsa hayvan yeti\u015ftirilici\u011fine raslan\u0131r.<\/span><\/p>\n<p align=\"justify\"><span style=\"font-family: Verdana; font-size: small;\">K\u00f6yde iki \u00e7e\u015fme ve bir kuyu bulunmaktad\u0131r. \u0130\u00e7ecek\u00a0 su ihtiyac\u0131 bunlardan sa\u011flan\u0131r. En \u00f6nemli akarsuyu, kuru\u00e7ay\u2019d\u0131r. Ba\u011f ve bahcelerin su ihtiyac\u0131 ise kuru\u00e7ay dan sa\u011flanmaktad\u0131r. Bu bak\u0131mdan kuru\u00e7ay boyunca bahce ve\u00a0 kavakl\u0131kla raslan\u0131r. K\u00f6y yolu \u00fczerinde asfatlama \u00e7al\u0131\u015fmalar\u0131 devam etmektedir.<\/span><\/p>\n<p><b><i><span style=\"font-family: Verdana; font-size: small;\">Kaynak: Karaca K\u00f6y\u00fc fokloru, Sat\u0131 Dilek \u00d6zbey<\/span><\/i><\/b><\/p>\n","protected":false},"excerpt":{"rendered":"<p>CO\u011eRAF\u0130 DURUM Karaca k\u00f6y\u00fc Malatya\u2019n\u0131n Yaz\u0131han il\u00e7esine ba\u011fl\u0131d\u0131r. Do\u011fusunda Par\u00e7iken ve Boyalca k\u00f6yleri, bat\u0131s\u0131nda Kuru\u00e7ay, Kamara\u015f, Halincek k\u00f6y\u00fc ve Hekimhan il\u00e7esi, kuzeyinde Uluyol, Ektir ve S\u00fclmenli k\u00f6yleri, g\u00fcneyinde G\u00f6v\u00fck k\u00f6y\u00fc bulunmaktad\u0131r. K\u00f6yde toplu yerle\u015fim mevcuttur. K\u00f6y\u00fcn Malatya\u2019ya uzakl\u0131\u011f\u0131 50 km olup, Hekimhan-Sivas yolu \u00fczerinde 5 km i\u00e7erisinde kalmaktad\u0131r. K\u00f6yde k\u0131rsal iklim h\u00fck\u00fcm s\u00fcrer. Yazlar s\u0131cak [&hellip;]<\/p>\n","protected":false},"author":2,"featured_media":0,"parent":380,"menu_order":0,"comment_status":"closed","ping_status":"closed","template":"","meta":[],"_links":{"self":[{"href":"https:\/\/karder.org.tr\/index.php\/wp-json\/wp\/v2\/pages\/410"}],"collection":[{"href":"https:\/\/karder.org.tr\/index.php\/wp-json\/wp\/v2\/pages"}],"about":[{"href":"https:\/\/karder.org.tr\/index.php\/wp-json\/wp\/v2\/types\/page"}],"author":[{"embeddable":true,"href":"https:\/\/karder.org.tr\/index.php\/wp-json\/wp\/v2\/users\/2"}],"replies":[{"embeddable":true,"href":"https:\/\/karder.org.tr\/index.php\/wp-json\/wp\/v2\/comments?post=410"}],"version-history":[{"count":1,"href":"https:\/\/karder.org.tr\/index.php\/wp-json\/wp\/v2\/pages\/410\/revisions"}],"predecessor-version":[{"id":411,"href":"https:\/\/karder.org.tr\/index.php\/wp-json\/wp\/v2\/pages\/410\/revisions\/411"}],"up":[{"embeddable":true,"href":"https:\/\/karder.org.tr\/index.php\/wp-json\/wp\/v2\/pages\/380"}],"wp:attachment":[{"href":"https:\/\/karder.org.tr\/index.php\/wp-json\/wp\/v2\/media?parent=410"}],"curies":[{"name":"wp","href":"https:\/\/api.w.org\/{rel}","templated":true}]}}